{"id":193,"date":"2015-08-11T10:01:38","date_gmt":"2015-08-11T10:01:38","guid":{"rendered":"http:\/\/www.lehrter-tafel.de\/wordpress\/?page_id=193"},"modified":"2020-12-11T10:42:33","modified_gmt":"2020-12-11T10:42:33","slug":"sponsoren-der-lehrter-tafel","status":"publish","type":"page","link":"https:\/\/www.lehrter-tafel.de\/wordpress\/goenner-und-foerderer\/sponsoren-der-lehrter-tafel\/","title":{"rendered":"Sponsoren"},"content":{"rendered":"<div id=\"fb-root\"><\/div>\n<p><strong>Sponsoren der Lehrter Tafel<\/strong><\/p>\n<p>E-Center, Lehrte<br \/>\nE-Center, Burgdorf<br \/>\nEdeka Hohlfeldt, Ahlten und Lehrte, Westring<br \/>\nEdeka Irrgang, Arpke<br \/>\nREWE, Lehrte, S\u00fcdring, Lehrte-H\u00e4melerwald und Burgdorf<br \/>\nPenny-M\u00e4rkte im Raum Lehrte<br \/>\nLidl M\u00e4rkte, Lehrte-Burgdorf-Sehnde<br \/>\nLidl-M\u00e4rkte, Hannover Stadtrand Ost<br \/>\nAldi-M\u00e4rkte Lehrte, H\u00e4melerwald, Sehnde<br \/>\nRossmann Drogeriemarkt, Lehrte, Zuckerpassage<br \/>\nDM Drogeriemarkt, Lehrte<br \/>\nREWE Zentrallager, Lehrte-H\u00e4melerwald<br \/>\nPenny Zentrallager, Lehrte-H\u00e4melerwald<br \/>\nAldi Zentrallager, Lehrte-H\u00e4melerwald<br \/>\nRossmann GmbH Zentrallager Burgwedel<br \/>\nEierhof Bartels Sehnde \u2013 Bilm<br \/>\nParlasca, Burgdorf<br \/>\nHenne\u00b4s Backhaus Mehrum &amp; Steinwedel<br \/>\nKl\u00f6pper Ahlten<br \/>\nHochwald \u2013 L\u00fcnebest, L\u00fcneburg<\/p>\n<p>Diverse Logistik \u2013 Zentren, L\u00e4ger, Speditionen im Umkreis von bis zu 160 km<\/p>\n<p><strong>Spender der Lehrter Tafel<\/strong><\/p>\n<p>LIONs Club Lehrte-Sehnde im Gro\u00dfen Freien<br \/>\nRotary Club Lehrte Burgdorfer Land<br \/>\nStiftunglife Celle<br \/>\nVK Stiftung der Volksbank<br \/>\nVolksbank Lehrte<br \/>\nLidl Pfandstiftung<br \/>\nEngel Apotheke Lehrte<br \/>\nKLH, Kabel und Leitungsbau GmbH Lehrte-Ahlten<br \/>\nKURT \u2013 Gruppe Lehrte (Zeitarbeit-Immobilien, OfficeTech)<br \/>\nStadtwerke Lehrte<br \/>\nUrologische Gemeinschaftspraxis Lehrte (Dr. med. J\u00f6rn H. Hagemann-Stephan Reese\u2013Ellen Leukefeld)<br \/>\nZahnarzt Dr. Schneider Lehrte<br \/>\nRegina + Detlef Westermann Lehrte<br \/>\nSellmann Lehrte<br \/>\nAuto Zierk Lehrte<\/p>\n<p>Diverse andere Spender mit Geld- oder Sachspenden, sowie F\u00f6rdermitglieder der Lehrter Tafel e.V.<br \/>\n<strong>Spenden durch Leergut \u2013 Pfandboxen in Edeka-M\u00e4rkten im Raum Lehrte<\/strong><br \/>\n(Hier spenden die Kunden der jeweiligen M\u00e4rkte den Wert ihres Pfand Bons f\u00fcr die Lehrter Tafel)<\/p>\n<p>E-Center Germaniastr.26, Lehrte<br \/>\nEdeka Irrgang, Arpke, Schw\u00fcblingser Str.<br \/>\nEdeka Hohlfeldt, Ahlten, Mergenfeld 1<br \/>\nEdeka Hohlfeldt, Lehrte, Westring<\/p>\n<p><strong>Spenden von Lehrter Kirchen und kirchlichen Einrichtungen<\/strong><br \/>\n<span style=\"font-size: 14px; font-family: verdana,geneva,sans-serif;\">(Direkt oder durch Kollekten, Sammlungen, Aktionen von Kinderg\u00e4rten und Kindertagesst\u00e4tten, Konfirmanden oder den Gemeinden der jeweiligen Lehrter Kirche\/n)<\/span><\/p>\n<p>Bernward Gemeinde Lehrte<br \/>\nEvangelisch-Freikirchliche Johannesgemeinde (Baptisten) Lehrte<br \/>\nMatth\u00e4us-Gemeinde Lehrte<br \/>\nMarkus-Gemeinde Lehrte<br \/>\nNeuapostolische Kirche Lehrte<\/p>\n<p><span style=\"font-size: 20px; font-family: verdana,geneva,sans-serif;\"><strong>Zusammenarbeit \/ Warentausch mit Nachbartafeln<\/strong><\/span><\/p>\n<p><span style=\"font-size: 14px; font-family: verdana,geneva,sans-serif;\">Bremer Tafel, Langenhagener Tafel, Sehnder Tafel, Springer Tafel, Uetzer Tafel, sowie Spenden \u00fcber den Landesverband der Tafeln in Niedersachen-Bremen <\/span><\/p>\n<p><span style=\"font-size: 20px; font-family: verdana,geneva,sans-serif;\"><strong>Im Besonderen aber<\/strong><\/span><\/p>\n<p><span style=\"font-size: 14px; font-family: verdana,geneva,sans-serif;\">Alle ehrenamtlichen Helfer\/innen der Lehrter Tafel e.V. sind Zeitspender mit \u00fcber 22.000 Std. \/ Jahr. Ohne diesen ehrenamtlichen motivierten Einsatz von uns allen w\u00e4re die Leistung der Lehrter Tafel nicht m\u00f6glich<\/span><\/p>\n<p><strong>Unterst\u00fctzung durch die Lehrter Tafel an Lehrter Institutionen wie:<\/strong><\/p>\n<p>Bahnhofsmission, Drobel, Kinderschutzbund<\/p>\n","protected":false},"excerpt":{"rendered":"<p>Sponsoren der Lehrter Tafel E-Center, Lehrte E-Center, Burgdorf Edeka Hohlfeldt, Ahlten und Lehrte, Westring Edeka Irrgang, Arpke REWE, Lehrte, S\u00fcdring, Lehrte-H\u00e4melerwald und Burgdorf Penny-M\u00e4rkte im Raum Lehrte Lidl M\u00e4rkte, Lehrte-Burgdorf-Sehnde Lidl-M\u00e4rkte, Hannover Stadtrand Ost Aldi-M\u00e4rkte Lehrte, H\u00e4melerwald, Sehnde Rossmann Drogeriemarkt, Lehrte, Zuckerpassage DM Drogeriemarkt, Lehrte REWE Zentrallager, Lehrte-H\u00e4melerwald Penny Zentrallager, Lehrte-H\u00e4melerwald Aldi Zentrallager, Lehrte-H\u00e4melerwald Rossmann [&hellip;]<\/p>\n","protected":false},"author":2,"featured_media":0,"parent":203,"menu_order":0,"comment_status":"closed","ping_status":"closed","template":"","meta":{"rop_custom_images_group":[],"rop_custom_messages_group":[],"rop_publish_now":"initial","rop_publish_now_accounts":[],"rop_publish_now_history":[],"rop_publish_now_status":"pending","footnotes":""},"class_list":["post-193","page","type-page","status-publish","hentry"],"wppr_data":{"cwp_meta_box_check":"No"},"_links":{"self":[{"href":"https:\/\/www.lehrter-tafel.de\/wordpress\/wp-json\/wp\/v2\/pages\/193","targetHints":{"allow":["GET"]}}],"collection":[{"href":"https:\/\/www.lehrter-tafel.de\/wordpress\/wp-json\/wp\/v2\/pages"}],"about":[{"href":"https:\/\/www.lehrter-tafel.de\/wordpress\/wp-json\/wp\/v2\/types\/page"}],"author":[{"embeddable":true,"href":"https:\/\/www.lehrter-tafel.de\/wordpress\/wp-json\/wp\/v2\/users\/2"}],"replies":[{"embeddable":true,"href":"https:\/\/www.lehrter-tafel.de\/wordpress\/wp-json\/wp\/v2\/comments?post=193"}],"version-history":[{"count":34,"href":"https:\/\/www.lehrter-tafel.de\/wordpress\/wp-json\/wp\/v2\/pages\/193\/revisions"}],"predecessor-version":[{"id":1660,"href":"https:\/\/www.lehrter-tafel.de\/wordpress\/wp-json\/wp\/v2\/pages\/193\/revisions\/1660"}],"up":[{"embeddable":true,"href":"https:\/\/www.lehrter-tafel.de\/wordpress\/wp-json\/wp\/v2\/pages\/203"}],"wp:attachment":[{"href":"https:\/\/www.lehrter-tafel.de\/wordpress\/wp-json\/wp\/v2\/media?parent=193"}],"curies":[{"name":"wp","href":"https:\/\/api.w.org\/{rel}","templated":true}]}}